{"id":63,"date":"2026-06-16T15:25:33","date_gmt":"2026-06-16T13:25:33","guid":{"rendered":"https:\/\/lesamisdutogo.org\/?page_id=63"},"modified":"2026-09-05T14:43:54","modified_gmt":"2026-09-05T12:43:54","slug":"nos-actions-en-frace","status":"publish","type":"page","link":"https:\/\/lesamisdutogo.org\/?page_id=63","title":{"rendered":"Nos actions en France"},"content":{"rendered":"<div id=\"cc-m-5739421976\" class=\"j-module n j-header \">\n<h1 id=\"cc-m-header-5739421976\" class=\"\"><\/h1>\n<\/div>\n<div id=\"cc-m-6016310076\" class=\"j-module n j-imageSubtitle \">\n<figure class=\"cc-imagewrapper cc-m-image-align-1 cc-m-width-maxed\"><img decoding=\"async\" id=\"cc-m-imagesubtitle-image-6016310076\" class=\"\" src=\"https:\/\/image.jimcdn.com\/app\/cms\/image\/transf\/dimension=480x10000:format=jpg\/path\/sbd11bdaee3c4134c\/image\/ia37ab096158f75cb\/version\/1422544562\/pont-de-beauvoisin-les-amis-du-togo.jpg\" sizes=\"(min-width: 480px) 480px, 100vw\" srcset=\"https:\/\/image.jimcdn.com\/app\/cms\/image\/transf\/dimension=320x10000:format=jpg\/path\/sbd11bdaee3c4134c\/image\/ia37ab096158f75cb\/version\/1422544562\/pont-de-beauvoisin-les-amis-du-togo.jpg 320w, https:\/\/image.jimcdn.com\/app\/cms\/image\/transf\/dimension=480x10000:format=jpg\/path\/sbd11bdaee3c4134c\/image\/ia37ab096158f75cb\/version\/1422544562\/pont-de-beauvoisin-les-amis-du-togo.jpg 480w, https:\/\/image.jimcdn.com\/app\/cms\/image\/transf\/dimension=640x10000:format=jpg\/path\/sbd11bdaee3c4134c\/image\/ia37ab096158f75cb\/version\/1422544562\/pont-de-beauvoisin-les-amis-du-togo.jpg 640w, https:\/\/image.jimcdn.com\/app\/cms\/image\/transf\/dimension=960x10000:format=jpg\/path\/sbd11bdaee3c4134c\/image\/ia37ab096158f75cb\/version\/1422544562\/pont-de-beauvoisin-les-amis-du-togo.jpg 960w\" alt=\"Pont de Beauvoisin - les amis du togo\" data-src-width=\"1000\" data-src-height=\"330\" data-src=\"https:\/\/image.jimcdn.com\/app\/cms\/image\/transf\/dimension=480x10000:format=jpg\/path\/sbd11bdaee3c4134c\/image\/ia37ab096158f75cb\/version\/1422544562\/pont-de-beauvoisin-les-amis-du-togo.jpg\" data-image-id=\"4149749976\" \/><\/figure>\n<div id=\"cc-m-5739418776\" class=\"j-module n j-header \">\n<h1><span style=\"font-size: 24pt; color: #0000ff;\">Pour rechercher des fonds:<\/span><\/h1>\n<h1 id=\"cc-m-header-5739418776\" class=\"\"><span style=\"font-size: 18pt;\">La f\u00eate de la solidarit\u00e9: <\/span><span style=\"font-size: 18pt;\">un rendez-vous convivial source de revenus majeurs pour les Amis du Togo !<\/span><\/h1>\n<\/div>\n<div id=\"cc-m-5739419676\" class=\"j-module n j-textWithImage \">\n<figure class=\"cc-imagewrapper cc-m-image-align-1\"><img loading=\"lazy\" decoding=\"async\" id=\"cc-m-textwithimage-image-5739419676\" class=\"\" src=\"https:\/\/image.jimcdn.com\/app\/cms\/image\/transf\/dimension=120x1024:format=jpg\/path\/sbd11bdaee3c4134c\/image\/idbbfca915cec1c2f\/version\/1328810833\/image.jpg\" sizes=\"auto, (min-width: 120px) 120px, 100vw\" srcset=\"https:\/\/image.jimcdn.com\/app\/cms\/image\/transf\/dimension=120x1024:format=jpg\/path\/sbd11bdaee3c4134c\/image\/idbbfca915cec1c2f\/version\/1328810833\/image.jpg 120w, https:\/\/image.jimcdn.com\/app\/cms\/image\/transf\/dimension=240x1024:format=jpg\/path\/sbd11bdaee3c4134c\/image\/idbbfca915cec1c2f\/version\/1328810833\/image.jpg 240w\" alt=\"\" width=\"200\" height=\"297\" data-src-width=\"337\" data-src-height=\"500\" data-src=\"https:\/\/image.jimcdn.com\/app\/cms\/image\/transf\/dimension=120x1024:format=jpg\/path\/sbd11bdaee3c4134c\/image\/idbbfca915cec1c2f\/version\/1328810833\/image.jpg\" data-image-id=\"3943967176\" \/><img loading=\"lazy\" decoding=\"async\" class=\"alignnone size-medium wp-image-91\" src=\"https:\/\/lesamisdutogo.org\/wp-content\/uploads\/2026\/06\/1695646715-1-237x300.png\" alt=\"\" width=\"237\" height=\"300\" srcset=\"https:\/\/lesamisdutogo.org\/wp-content\/uploads\/2026\/06\/1695646715-1-237x300.png 237w, https:\/\/lesamisdutogo.org\/wp-content\/uploads\/2026\/06\/1695646715-1.png 596w\" sizes=\"auto, (max-width: 237px) 100vw, 237px\" \/><img loading=\"lazy\" decoding=\"async\" class=\"alignnone wp-image-281\" src=\"https:\/\/lesamisdutogo.org\/wp-content\/uploads\/2026\/09\/repas-fete-solidarite.jpg\" alt=\"\" width=\"298\" height=\"298\" \/><img loading=\"lazy\" decoding=\"async\" class=\"alignnone size-medium wp-image-330\" src=\"https:\/\/lesamisdutogo.org\/wp-content\/uploads\/2026\/09\/20231008_001444-300x300.jpg\" alt=\"\" width=\"300\" height=\"300\" srcset=\"https:\/\/lesamisdutogo.org\/wp-content\/uploads\/2026\/09\/20231008_001444-300x300.jpg 300w, https:\/\/lesamisdutogo.org\/wp-content\/uploads\/2026\/09\/20231008_001444-1024x1024.jpg 1024w, https:\/\/lesamisdutogo.org\/wp-content\/uploads\/2026\/09\/20231008_001444-150x150.jpg 150w, https:\/\/lesamisdutogo.org\/wp-content\/uploads\/2026\/09\/20231008_001444-768x768.jpg 768w, https:\/\/lesamisdutogo.org\/wp-content\/uploads\/2026\/09\/20231008_001444-1536x1536.jpg 1536w, https:\/\/lesamisdutogo.org\/wp-content\/uploads\/2026\/09\/20231008_001444-2048x2048.jpg 2048w\" sizes=\"auto, (max-width: 300px) 100vw, 300px\" \/><\/figure>\n<div>\n<div id=\"cc-m-textwithimage-5739419676\" class=\"cc-m-textwithimage-inline-rte\" data-name=\"text\" data-action=\"text\">\n<div>\n<p>Cet \u00e9v\u00e9nement a lieu chaque ann\u00e9e \u00e0 Pont\u00a0 de Beauvoisin, traditionnellement le premier week-end d&rsquo;octobre.<\/p>\n<p>Pour l&rsquo;occasion, nous organisions une grande <strong>brocante<\/strong> remplac\u00e9e depuis 2024 par une <strong>course solidaire<\/strong>.<\/p>\n<p>Puis, nous nous retrouvons tous autour d&rsquo;un <strong>repas avec animation musicale<\/strong>, pour un moment important de solidarit\u00e9 et d&rsquo;\u00e9changes avant de proc\u00e9der au tirage au sort de la <strong>tombola<\/strong> et d\u00e9signer les gagnants&#8230;<\/p>\n<p>Sorte de f\u00eate de voisinage qui permet des retrouvailles et de belles rencontres,\u00a0<span style=\"font-size: 14pt;\"><strong>c&rsquo;est un rendez-vous annuel \u00e0 ne pas manquer !<\/strong><\/span><\/p>\n<p><img loading=\"lazy\" decoding=\"async\" class=\"alignnone size-full wp-image-280\" src=\"https:\/\/lesamisdutogo.org\/wp-content\/uploads\/2026\/09\/course-togo.jpg\" alt=\"\" width=\"186\" height=\"272\" \/><img loading=\"lazy\" decoding=\"async\" class=\"alignnone wp-image-333\" src=\"https:\/\/lesamisdutogo.org\/wp-content\/uploads\/2026\/09\/IMG-20251025-WA0008-1-300x226.jpg\" alt=\"\" width=\"356\" height=\"268\" srcset=\"https:\/\/lesamisdutogo.org\/wp-content\/uploads\/2026\/09\/IMG-20251025-WA0008-1-300x226.jpg 300w, https:\/\/lesamisdutogo.org\/wp-content\/uploads\/2026\/09\/IMG-20251025-WA0008-1-1024x771.jpg 1024w, https:\/\/lesamisdutogo.org\/wp-content\/uploads\/2026\/09\/IMG-20251025-WA0008-1-768x578.jpg 768w, https:\/\/lesamisdutogo.org\/wp-content\/uploads\/2026\/09\/IMG-20251025-WA0008-1-1536x1157.jpg 1536w, https:\/\/lesamisdutogo.org\/wp-content\/uploads\/2026\/09\/IMG-20251025-WA0008-1.jpg 2040w\" sizes=\"auto, (max-width: 356px) 100vw, 356px\" \/><\/p>\n<\/div>\n<\/div>\n<\/div>\n<\/div>\n<p><span style=\"font-size: 18pt;\"><strong>Organisation de spectacles<\/strong><\/span><\/p>\n<p>Concerts, cabaret, chorale au profit de l&rsquo;association: Chorale<\/p>\n<p><img loading=\"lazy\" decoding=\"async\" class=\"alignnone size-full wp-image-277\" src=\"https:\/\/lesamisdutogo.org\/wp-content\/uploads\/2026\/09\/cabaret-Togo.jpg\" alt=\"\" width=\"187\" height=\"269\" \/><img loading=\"lazy\" decoding=\"async\" class=\"alignnone wp-image-279\" src=\"https:\/\/lesamisdutogo.org\/wp-content\/uploads\/2026\/09\/coeurs-emmeles-138x300.jpg\" alt=\"\" width=\"170\" height=\"370\" srcset=\"https:\/\/lesamisdutogo.org\/wp-content\/uploads\/2026\/09\/coeurs-emmeles-138x300.jpg 138w, https:\/\/lesamisdutogo.org\/wp-content\/uploads\/2026\/09\/coeurs-emmeles.jpg 152w\" sizes=\"auto, (max-width: 170px) 100vw, 170px\" \/><\/p>\n<p><span style=\"font-size: 18pt;\"><strong>Autres manifestations<\/strong><\/span><\/p>\n<p><strong>Arrondi du coeur<\/strong> de l&rsquo;entrep\u00f4t du bricolage<\/p>\n<p><strong>Partenariat avec le lyc\u00e9e<\/strong> dont un groupe d&rsquo;\u00e9l\u00e8ves montent un projet solidaire et nous en reverse le b\u00e9n\u00e9fice.<\/p>\n<p><span style=\"color: #0000ff;\"><strong><span style=\"font-size: 24pt;\">Pour faire conna\u00eetre l&rsquo;association<\/span><\/strong><\/span><\/p>\n<div class=\"cc-clear\"><span style=\"font-size: 18pt;\"><strong>Partici<\/strong><strong>pation au forum des associations<\/strong><\/span><\/div>\n<div class=\"cc-clear\"><span style=\"font-size: 24pt;\"><strong><span style=\"font-size: 18pt;\">Jumelage entre des \u00e9coles de Pont et du Togo\u00a0<\/span> \u00a0 \u00a0 \u00a0 \u00a0 \u00a0 \u00a0 \u00a0\u00a0<\/strong><\/span><\/div>\n<div class=\"cc-clear\">Echange de courriers, dessins, petites vid\u00e9os entre les \u00e9coles des 2 pays<\/div>\n<div>Dons de mat\u00e9riel scolaire\u00a0 et de ballons\u00a0 \u00a0 \u00a0 \u00a0 \u00a0 \u00a0 \u00a0 \u00a0 \u00a0 \u00a0 \u00a0 \u00a0 \u00a0 \u00a0 \u00a0 \u00a0 \u00a0 \u00a0 \u00a0 \u00a0 \u00a0 \u00a0 \u00a0 \u00a0 \u00a0 \u00a0 \u00a0 \u00a0 \u00a0 \u00a0 \u00a0 \u00a0 \u00a0 \u00a0 \u00a0 \u00a0 \u00a0 \u00a0 \u00a0 \u00a0 \u00a0 \u00a0 \u00a0 \u00a0 \u00a0 \u00a0 \u00a0 \u00a0 \u00a0 \u00a0 \u00a0 \u00a0 \u00a0 \u00a0 \u00a0 \u00a0 \u00a0 \u00a0 \u00a0 \u00a0 \u00a0 \u00a0 \u00a0 \u00a0 \u00a0 \u00a0 \u00a0 \u00a0 \u00a0 \u00a0 \u00a0 \u00a0 \u00a0 \u00a0 \u00a0 \u00a0 \u00a0 \u00a0 \u00a0 \u00a0 \u00a0 \u00a0 \u00a0 \u00a0 \u00a0 \u00a0 \u00a0 \u00a0 \u00a0 \u00a0 \u00a0 \u00a0 \u00a0 \u00a0 \u00a0 \u00a0 \u00a0 \u00a0 \u00a0 \u00a0 \u00a0 \u00a0 \u00a0 \u00a0 \u00a0 \u00a0 \u00a0 \u00a0 \u00a0 \u00a0 \u00a0 \u00a0 \u00a0 \u00a0 \u00a0 \u00a0 \u00a0 \u00a0 \u00a0 \u00a0 \u00a0 \u00a0 \u00a0 \u00a0 \u00a0 \u00a0 \u00a0 \u00a0 \u00a0 \u00a0 \u00a0 \u00a0 \u00a0 \u00a0 \u00a0 \u00a0 \u00a0 \u00a0 \u00a0 \u00a0 \u00a0 \u00a0 \u00a0 \u00a0 \u00a0 \u00a0 \u00a0 \u00a0 \u00a0 \u00a0 \u00a0 \u00a0 \u00a0 \u00a0 \u00a0 \u00a0 \u00a0 \u00a0 \u00a0 \u00a0 \u00a0 \u00a0 \u00a0 \u00a0 \u00a0 \u00a0 \u00a0 \u00a0 \u00a0 \u00a0 \u00a0 \u00a0 \u00a0 \u00a0 \u00a0 \u00a0 \u00a0 \u00a0 \u00a0 \u00a0 \u00a0 \u00a0 \u00a0 \u00a0 \u00a0 \u00a0 \u00a0 \u00a0 \u00a0 \u00a0 \u00a0 \u00a0 \u00a0 \u00a0 \u00a0 \u00a0 Participation \u00e0 un concours de dessins sur le th\u00e8me du Togo expos\u00e9s lors de la f\u00eate de la solidarit\u00e9<\/div>\n<\/div>\n<div><\/div>\n<div id=\"cc-m-5882644476\" class=\"j-module n j-text \">\n<p><img loading=\"lazy\" decoding=\"async\" class=\"alignnone wp-image-285 \" src=\"https:\/\/lesamisdutogo.org\/wp-content\/uploads\/2026\/09\/PXL_20251025_085449565-scaled-e1788532175733-272x300.jpg\" alt=\"\" width=\"225\" height=\"248\" srcset=\"https:\/\/lesamisdutogo.org\/wp-content\/uploads\/2026\/09\/PXL_20251025_085449565-scaled-e1788532175733-272x300.jpg 272w, https:\/\/lesamisdutogo.org\/wp-content\/uploads\/2026\/09\/PXL_20251025_085449565-scaled-e1788532175733-927x1024.jpg 927w, https:\/\/lesamisdutogo.org\/wp-content\/uploads\/2026\/09\/PXL_20251025_085449565-scaled-e1788532175733-768x848.jpg 768w, https:\/\/lesamisdutogo.org\/wp-content\/uploads\/2026\/09\/PXL_20251025_085449565-scaled-e1788532175733-1391x1536.jpg 1391w, https:\/\/lesamisdutogo.org\/wp-content\/uploads\/2026\/09\/PXL_20251025_085449565-scaled-e1788532175733.jpg 1440w\" sizes=\"auto, (max-width: 225px) 100vw, 225px\" \/><img loading=\"lazy\" decoding=\"async\" class=\"alignnone wp-image-329 \" src=\"https:\/\/lesamisdutogo.org\/wp-content\/uploads\/2026\/09\/concours-dessin-e1788558091543-221x300.jpg\" alt=\"\" width=\"182\" height=\"247\" srcset=\"https:\/\/lesamisdutogo.org\/wp-content\/uploads\/2026\/09\/concours-dessin-e1788558091543-221x300.jpg 221w, https:\/\/lesamisdutogo.org\/wp-content\/uploads\/2026\/09\/concours-dessin-e1788558091543-753x1024.jpg 753w, https:\/\/lesamisdutogo.org\/wp-content\/uploads\/2026\/09\/concours-dessin-e1788558091543-768x1045.jpg 768w, https:\/\/lesamisdutogo.org\/wp-content\/uploads\/2026\/09\/concours-dessin-e1788558091543.jpg 836w\" sizes=\"auto, (max-width: 182px) 100vw, 182px\" \/><img loading=\"lazy\" decoding=\"async\" class=\"wp-image-325 alignnone\" src=\"https:\/\/lesamisdutogo.org\/wp-content\/uploads\/2026\/09\/jumelage-au-Togo-scaled-e1788558326100-300x169.jpg\" alt=\"\" width=\"316\" height=\"178\" srcset=\"https:\/\/lesamisdutogo.org\/wp-content\/uploads\/2026\/09\/jumelage-au-Togo-scaled-e1788558326100-300x169.jpg 300w, https:\/\/lesamisdutogo.org\/wp-content\/uploads\/2026\/09\/jumelage-au-Togo-scaled-e1788558326100-1024x576.jpg 1024w, https:\/\/lesamisdutogo.org\/wp-content\/uploads\/2026\/09\/jumelage-au-Togo-scaled-e1788558326100-768x432.jpg 768w, https:\/\/lesamisdutogo.org\/wp-content\/uploads\/2026\/09\/jumelage-au-Togo-scaled-e1788558326100-1536x864.jpg 1536w, https:\/\/lesamisdutogo.org\/wp-content\/uploads\/2026\/09\/jumelage-au-Togo-scaled-e1788558326100-2048x1152.jpg 2048w\" sizes=\"auto, (max-width: 316px) 100vw, 316px\" \/><img loading=\"lazy\" decoding=\"async\" class=\"size-medium wp-image-378 alignright\" src=\"https:\/\/lesamisdutogo.org\/wp-content\/uploads\/2026\/09\/Capture-decran-24-300x169.png\" alt=\"\" width=\"300\" height=\"169\" srcset=\"https:\/\/lesamisdutogo.org\/wp-content\/uploads\/2026\/09\/Capture-decran-24-300x169.png 300w, https:\/\/lesamisdutogo.org\/wp-content\/uploads\/2026\/09\/Capture-decran-24-1024x576.png 1024w, https:\/\/lesamisdutogo.org\/wp-content\/uploads\/2026\/09\/Capture-decran-24-768x432.png 768w, https:\/\/lesamisdutogo.org\/wp-content\/uploads\/2026\/09\/Capture-decran-24-1536x864.png 1536w, https:\/\/lesamisdutogo.org\/wp-content\/uploads\/2026\/09\/Capture-decran-24.png 1920w\" sizes=\"auto, (max-width: 300px) 100vw, 300px\" \/><\/p>\n<\/div>\n<p><span style=\"font-size: 18pt;\"><strong>Mise \u00e0 jour du site<\/strong><\/span><\/p>\n","protected":false},"excerpt":{"rendered":"<p>Pour rechercher des fonds: La f\u00eate de la solidarit\u00e9: un rendez-vous convivial source de revenus majeurs pour les Amis du Togo ! Cet \u00e9v\u00e9nement a lieu chaque ann\u00e9e \u00e0 Pont\u00a0 de Beauvoisin, traditionnellement le premier week-end d&rsquo;octobre. Pour l&rsquo;occasion, nous <span class=\"excerpt-dots\">&hellip;<\/span> <a class=\"more-link\" href=\"https:\/\/lesamisdutogo.org\/?page_id=63\"><span class=\"more-msg\">Lire la suite &rarr;<\/span><\/a><\/p>\n","protected":false},"author":5,"featured_media":0,"parent":31,"menu_order":0,"comment_status":"closed","ping_status":"closed","template":"","meta":{"footnotes":""},"class_list":["post-63","page","type-page","status-publish","hentry"],"_links":{"self":[{"href":"https:\/\/lesamisdutogo.org\/index.php?rest_route=\/wp\/v2\/pages\/63","targetHints":{"allow":["GET"]}}],"collection":[{"href":"https:\/\/lesamisdutogo.org\/index.php?rest_route=\/wp\/v2\/pages"}],"about":[{"href":"https:\/\/lesamisdutogo.org\/index.php?rest_route=\/wp\/v2\/types\/page"}],"author":[{"embeddable":true,"href":"https:\/\/lesamisdutogo.org\/index.php?rest_route=\/wp\/v2\/users\/5"}],"replies":[{"embeddable":true,"href":"https:\/\/lesamisdutogo.org\/index.php?rest_route=%2Fwp%2Fv2%2Fcomments&post=63"}],"version-history":[{"count":15,"href":"https:\/\/lesamisdutogo.org\/index.php?rest_route=\/wp\/v2\/pages\/63\/revisions"}],"predecessor-version":[{"id":379,"href":"https:\/\/lesamisdutogo.org\/index.php?rest_route=\/wp\/v2\/pages\/63\/revisions\/379"}],"up":[{"embeddable":true,"href":"https:\/\/lesamisdutogo.org\/index.php?rest_route=\/wp\/v2\/pages\/31"}],"wp:attachment":[{"href":"https:\/\/lesamisdutogo.org\/index.php?rest_route=%2Fwp%2Fv2%2Fmedia&parent=63"}],"curies":[{"name":"wp","href":"https:\/\/api.w.org\/{rel}","templated":true}]}}